{"id":11746,"date":"2016-01-19T19:24:41","date_gmt":"2016-01-19T19:24:41","guid":{"rendered":"http:\/\/dueceira.pt\/new\/?page_id=11746"},"modified":"2025-07-31T15:36:33","modified_gmt":"2025-07-31T15:36:33","slug":"competencias-e-servicos-disponibilizados","status":"publish","type":"page","link":"https:\/\/dueceira.pt\/?page_id=11746","title":{"rendered":"Compet\u00eancias instaladas"},"content":{"rendered":"<div class=\"fusion-fullwidth fullwidth-box fusion-builder-row-1 hundred-percent-fullwidth non-hundred-percent-height-scrolling\" style=\"--awb-border-radius-top-left:0px;--awb-border-radius-top-right:0px;--awb-border-radius-bottom-right:0px;--awb-border-radius-bottom-left:0px;--awb-overflow:visible;--awb-flex-wrap:wrap;\" ><div class=\"fusion-builder-row fusion-row\"><div class=\"fusion-layout-column fusion_builder_column fusion-builder-column-0 fusion_builder_column_3_4 3_4 fusion-three-fourth fusion-column-first\" style=\"--awb-bg-size:cover;width:74%; margin-right: 4%;\"><div class=\"fusion-column-wrapper fusion-flex-column-wrapper-legacy\"><div class=\"fusion-text fusion-text-1\"><h2><strong>ESTATUTOS<\/strong><\/h2>\n<h4>Estatuto de <span style=\"color: #2e612e;\"><strong><a style=\"color: #2e612e;\" href=\"http:\/\/dueceira.pt\/wp-content\/uploads\/2020\/08\/Utilidade-P\u00fablica-Publica\u00e7\u00e3o.png\" target=\"_blank\" rel=\"noopener noreferrer\">UTILIDADE P\u00daBLICA<\/a><\/strong><\/span>, conferido pela Presid\u00eancia do Conselho de Ministros, desde 2019<\/h4>\n<p>&nbsp;<\/p>\n<h2 style=\"text-align: justify;\"><strong>PARCERIAS <\/strong><\/h2>\n<h4 style=\"text-align: justify;\"><strong>Associada efectiva e\/ou membro de<\/strong><\/h4>\n<ul style=\"text-align: justify;\">\n<li>\n<h4><a href=\"https:\/\/www.minhaterra.pt\/\" target=\"_blank\" rel=\"noopener noreferrer\">MINHA TERRA<\/a> &#8211; Federa\u00e7\u00e3o de Associa\u00e7\u00f5es de Desenvolvimento Local<\/h4>\n<\/li>\n<li>\n<h4>EAPN &#8211; Rede Europeia Anti-Pobreza &#8211; Portugal<\/h4>\n<\/li>\n<li>\n<h4>ADXTUR Rede das <a href=\"https:\/\/aldeiasdoxisto.pt\/\" target=\"_blank\" rel=\"noopener noreferrer\">Aldeias do Xisto<\/a><\/h4>\n<\/li>\n<li>\n<h4>Destinature &#8211; Ag\u00eancia de Desenvolvimento do Turismo de Natureza<\/h4>\n<\/li>\n<li>\n<h4>Cons\u00f3rcio da EEC- Estrat\u00e9gia de Efici\u00eancia Colectiva PROVERE Esta\u00e7\u00f5es N\u00e1uticas da Regi\u00e3o Centro de Portugal<\/h4>\n<\/li>\n<li>\n<h4>RRN- <a href=\"http:\/\/www.rederural.gov.pt\/\" target=\"_blank\" rel=\"noopener noreferrer\">Rede Rural Nacional<\/a><\/h4>\n<\/li>\n<li>\n<h4>CLAS- Conselhos Locais de Ac\u00e7\u00e3o Social, no \u00e2mbito das Redes Sociais dos \u00a0concelhos de Lous\u00e3, Miranda do Corvo e Vila Nova de Poiares<\/h4>\n<\/li>\n<li>\n<h4>Conselho Municipal da Seguran\u00e7a dos concelhos da Lous\u00e3, Miranda do Corvo e Pampilhosa da Serra<\/h4>\n<\/li>\n<\/ul>\n<h2 style=\"text-align: justify;\"><\/h2>\n<p>&nbsp;<\/p>\n<h2 style=\"text-align: justify;\"><strong>PROTOCOLOS<\/strong><\/h2>\n<h4 style=\"text-align: justify;\"><strong>Protocolos formalizados com<\/strong><\/h4>\n<ul style=\"text-align: justify;\">\n<li>\n<h4>CCAM- Caixa de Cr\u00e9dito Agr\u00edcola M\u00fatuo da Zona do Pinhal, da Beira Centro e de Coimbra<\/h4>\n<\/li>\n<li>\n<h4>CENTROS DE FORMA\u00c7\u00c3O DE ASSOCIA\u00c7\u00c3O DE ESCOLAS Nova \u00c1gora, Coimbra Interior, Minerva e Cenformaz<\/h4>\n<\/li>\n<li>\n<h4><a href=\"https:\/\/adsccl.pt\/microninho\/\" target=\"_blank\" rel=\"noopener noreferrer\">MICRONINHO &#8211; INOVA\u00c7\u00c3O SOCIAL<\/a><\/h4>\n<\/li>\n<li>\n<h4>AESL &#8211; ASSOCIA\u00c7\u00c3O EMPRESARIAL DA SERRA DA LOUS\u00c3<\/h4>\n<\/li>\n<li>\n<h4 class=\"fusion-responsive-typography-calculated\" data-fontsize=\"16\" data-lineheight=\"20px\">NO \u00c2MBITO DAS <a href=\"https:\/\/www.facebook.com\/TerrasdaChanfana\" target=\"_blank\" rel=\"noopener noreferrer\">TERRAS DA CHANFANA<\/a>: Munic\u00edpio de Lous\u00e3; Munic\u00edpio de Miranda do Corvo; Munic\u00edpio de Penela, Munic\u00edpio de Vila Nova de Poiares; CEARTE \u2013 Centro de Forma\u00e7\u00e3o Profissional para o Artesanato e Patrim\u00f3nio; F\u00e1brica da Igreja Paroquial da Freguesia de Semide; AproRaba\u00e7al \u2013 Associa\u00e7\u00e3o de Produtores Raba\u00e7al; Lous\u00e3mel, Cooperativa Agr\u00edcola dos Apicultores da Lous\u00e3 e Concelhos Lim\u00edtrofes, CRL.; Carranca Redondo, Lda.; Vinhos Conde Foz de Arouce, Vinhos, Lda.; Confraria da Chanfana de Vila Nova de Poiares; Confraria do Queijo Raba\u00e7al; Real Confraria da Cabra Velha de Miranda do Corvo; Liga dos Amigos do Mosteiro de Santa Maria de Semide; AESL- Associa\u00e7\u00e3o Empresarial da Serra da Lous\u00e3; AEDP &#8211; Associa\u00e7\u00e3o Empresarial de Poiares; Clube de Empres\u00e1rios de Miranda do Corvo e NEP- N\u00facleo Empresarial de Penela<\/h4>\n<\/li>\n<li>\n<h4>ADL- ASSOCIA\u00c7\u00d5ES DE DESENVOLVIMENTO DA REGI\u00c3O CENTRO<\/h4>\n<\/li>\n<li>\n<h4>ADL- ASSOCIA\u00c7\u00d5ES DE DESENVOLVIMENTO LOCAL, no \u00e2mbito de projectos de Coopera\u00e7\u00e3o interterritorial e Transnacional<\/h4>\n<\/li>\n<li>\n<h4 class=\"fusion-responsive-typography-calculated\" data-fontsize=\"16\" data-lineheight=\"20px\">NO \u00c2MBITO DA ESTRUTURA INTERMUNICIPAL DE APOIO A V\u00cdTIMAS DE VIOL\u00caNCIA DOM\u00c9STICA &#8216;6 EM REDE&#8217;: Munic\u00edpio de Lous\u00e3; Munic\u00edpio de Miranda do Corvo; Munic\u00edpio de Pampilhosa da Serra, Munic\u00edpio de Penacova, Munic\u00edpio de Penela, Munic\u00edpio de Vila Nova de Poiares; CIG- Comiss\u00e3o para a Cidadania e Igualdade de G\u00e9nero; CPCJ &#8211; Comiss\u00e3o de Protec\u00e7\u00e3o de Crian\u00e7as e Jovens dos 6 concelhos; Agrupamentos de Escolas e Escolas Profissionais dos 6 concelhos; GNR- Guarda Nacional Republicana: Postos Territoriais dos 6 concelhos; Minist\u00e9rio P\u00fablico das Comarcas da Lous\u00e3, de Coimbra e de Condeixa, entre outras entidades<\/h4>\n<\/li>\n<\/ul>\n<h2 style=\"text-align: justify;\"><\/h2>\n<p>&nbsp;<\/p>\n<h2 style=\"text-align: justify;\"><strong>CONSELHOS, COMISS\u00d5ES E COMIT\u00c9S<\/strong><\/h2>\n<h4 style=\"text-align: justify;\"><strong>Integra\u00a0\u00a0<\/strong><\/h4>\n<ul style=\"text-align: justify;\">\n<li>\n<h4 style=\"text-align: justify;\">Conselho Estrat\u00e9gico da CIM\u2013 Comunidade Inter Municipal da Regi\u00e3o de Coimbra<\/h4>\n<\/li>\n<\/ul>\n<h2 style=\"text-align: justify;\"><\/h2>\n<p>&nbsp;<\/p>\n<h2 style=\"text-align: justify;\"><strong>MEDIA\u00c7\u00c3O E\/OU GEST\u00c3O<\/strong><\/h2>\n<h4 style=\"text-align: justify;\"><strong>Credenciada e\/ou reconhecida na qualidade de<\/strong><\/h4>\n<ul style=\"text-align: justify;\">\n<li>\n<h4>GeOP \u2013 Gestora Operacional da Bolsa Nacional de Terras<\/h4>\n<\/li>\n<li>\n<h4>Entidade consultora do IAPMEI- Ag\u00eancia para a Competitividade e Inova\u00e7\u00e3o, I.P. (processos de certifica\u00e7\u00e3o do estatuto de micro-empresa)<\/h4>\n<\/li>\n<li>\n<h4>Entidade mediadora junto do <a href=\"https:\/\/www.cearte.pt\/\" target=\"_blank\" rel=\"noopener noreferrer\">CEARTE<\/a> (processos de certifica\u00e7\u00e3o dos Artes\u00e3os e Unidades Produtivas Artesanais)<\/h4>\n<\/li>\n<\/ul>\n<h2 style=\"text-align: justify;\"><\/h2>\n<p>&nbsp;<\/p>\n<h2 style=\"text-align: justify;\"><strong>CERTIFICA\u00c7\u00c3O DE COMPET\u00caNCIAS<\/strong><\/h2>\n<h4 style=\"text-align: justify;\"><strong>Certifica\u00e7\u00e3o de compet\u00eancias<\/strong> da Equipa (ETL &#8211; Estrutura T\u00e9cnica Local), com forma\u00e7\u00e3o reconhecida no \u00e2mbito de:<\/h4>\n<ul style=\"text-align: justify;\">\n<li>\n<h4>Concep\u00e7\u00e3o, Execu\u00e7\u00e3o, Acompanhamento e Avalia\u00e7\u00e3o de Programas S\u00f3cio-econ\u00f3micos de Desenvolvimento Territorial, Elabora\u00e7\u00e3o de Estrat\u00e9gias de Desenvolvimento Local, Candidaturas Tem\u00e1ticas e Projectos Sectoriais;<\/h4>\n<\/li>\n<li>\n<h4>An\u00e1lise e Rean\u00e1lise de Pedidos de Apoio;<\/h4>\n<\/li>\n<li>\n<h4>An\u00e1lise e Rean\u00e1lise de Pedidos de Pagamento;<\/h4>\n<\/li>\n<li>\n<h4>IB- Identifica\u00e7\u00e3o de Benefici\u00e1rios: Recolha e Actualiza\u00e7\u00e3o;<\/h4>\n<\/li>\n<li>\n<h4>Verifica\u00e7\u00e3o F\u00edsica no Local;<\/h4>\n<\/li>\n<li>\n<h4>CCP- C\u00f3digo de Contrata\u00e7\u00e3o P\u00fablica;<\/h4>\n<\/li>\n<li>\n<h4>ISIP- Parcel\u00e1rio;<\/h4>\n<\/li>\n<li>\n<h4>No \u00e2mbito da estrutura &#8216;6 EM REDE&#8217;: T\u00e9cnicas de Apoio \u00e0 V\u00edtima de Viol\u00eancia Dom\u00e9stica, incluindo: diagn\u00f3stico, atendimento e apoio social e psicol\u00f3gico \u00e0 v\u00edtima e planeamento da autonomiza\u00e7\u00e3o das v\u00edtimas com supervis\u00e3o.<\/h4>\n<\/li>\n<\/ul>\n<p>&nbsp;<\/p>\n<h4 style=\"text-align: justify;\"><span style=\"color: #808080;\">Estrutura de pequena dimens\u00e3o, com <em>\u201cum stock acumulado de cultura\u201d <\/em>baseado num conhecimento profundo -com mais de duas d\u00e9cadas- da realidade local em todas as suas vertentes e din\u00e2micas e com compet\u00eancias diversificadas e comprovadas pela experi\u00eancia e historial, entre outras, nas \u00e1reas de:<\/span><\/h4>\n<ul>\n<li style=\"text-align: justify;\">\n<h4><span style=\"color: #808080;\">Informa\u00e7\u00e3o, intermedia\u00e7\u00e3o e encaminhamento dos agentes s\u00f3cio-econ\u00f3micos locais<\/span><\/h4>\n<\/li>\n<li style=\"text-align: justify;\">\n<h4><span style=\"color: #808080;\">Concep\u00e7\u00e3o e implementa\u00e7\u00e3o de estrat\u00e9gias territoriais e gest\u00e3o de instrumentos de ordenamento e desenvolvimento<\/span><\/h4>\n<\/li>\n<li style=\"text-align: justify;\">\n<h4><span style=\"color: #808080;\">An\u00e1lise t\u00e9cnica, acompanhamento, monitoriza\u00e7\u00e3o e controlo de projectos de investimento<\/span><\/h4>\n<\/li>\n<li style=\"text-align: justify;\">\n<h4><span style=\"color: #808080;\">Concep\u00e7\u00e3o e aplica\u00e7\u00e3o de metodologias participativas; did\u00e1ctico-pedag\u00f3gicas; de empreendedorismo e forma\u00e7\u00e3o\/ sensibiliza\u00e7\u00e3o em \u00e1reas espec\u00edficas<\/span><\/h4>\n<\/li>\n<li style=\"text-align: justify;\">\n<h4><span style=\"color: #808080;\">Concep\u00e7\u00e3o de ferramentas de an\u00e1lise, gest\u00e3o e avalia\u00e7\u00e3o e de materiais e produtos promocionais<\/span><\/h4>\n<\/li>\n<li style=\"text-align: justify;\">\n<h4><span style=\"color: #808080;\">Organiza\u00e7\u00e3o e realiza\u00e7\u00e3o de iniciativas de anima\u00e7\u00e3o e dinamiza\u00e7\u00e3o territorial<\/span><\/h4>\n<\/li>\n<li style=\"text-align: justify;\">\n<h4><span style=\"color: #808080;\">Implementa\u00e7\u00e3o e coordena\u00e7\u00e3o de projectos de coopera\u00e7\u00e3o, nacional e transnacional<\/span><\/h4>\n<\/li>\n<li>\n<h4 style=\"text-align: justify;\"><span style=\"color: #808080;\">Operacionaliza\u00e7\u00e3o no terreno no \u00e2mbito de ac\u00e7\u00f5es de interven\u00e7\u00e3o florestal<\/span><\/h4>\n<\/li>\n<li>\n<h4><span style=\"color: #808080;\">Propriedade e Gest\u00e3o da Marca Territorial &#8220;Terras da Chanfana&#8221;<\/span><\/h4>\n<\/li>\n<\/ul>\n<\/div><div class=\"fusion-clearfix\"><\/div><\/div><\/div><\/div><\/div>\n","protected":false},"excerpt":{"rendered":"","protected":false},"author":2,"featured_media":0,"parent":0,"menu_order":0,"comment_status":"closed","ping_status":"closed","template":"","meta":{"footnotes":""},"class_list":["post-11746","page","type-page","status-publish","hentry"],"jetpack_sharing_enabled":true,"_links":{"self":[{"href":"https:\/\/dueceira.pt\/index.php?rest_route=\/wp\/v2\/pages\/11746","targetHints":{"allow":["GET"]}}],"collection":[{"href":"https:\/\/dueceira.pt\/index.php?rest_route=\/wp\/v2\/pages"}],"about":[{"href":"https:\/\/dueceira.pt\/index.php?rest_route=\/wp\/v2\/types\/page"}],"author":[{"embeddable":true,"href":"https:\/\/dueceira.pt\/index.php?rest_route=\/wp\/v2\/users\/2"}],"replies":[{"embeddable":true,"href":"https:\/\/dueceira.pt\/index.php?rest_route=%2Fwp%2Fv2%2Fcomments&post=11746"}],"version-history":[{"count":16,"href":"https:\/\/dueceira.pt\/index.php?rest_route=\/wp\/v2\/pages\/11746\/revisions"}],"predecessor-version":[{"id":15137,"href":"https:\/\/dueceira.pt\/index.php?rest_route=\/wp\/v2\/pages\/11746\/revisions\/15137"}],"wp:attachment":[{"href":"https:\/\/dueceira.pt\/index.php?rest_route=%2Fwp%2Fv2%2Fmedia&parent=11746"}],"curies":[{"name":"wp","href":"https:\/\/api.w.org\/{rel}","templated":true}]}}