{"id":13807,"date":"2020-02-22T12:11:44","date_gmt":"2020-02-22T12:11:44","guid":{"rendered":"http:\/\/dueceira.pt\/?page_id=13807"},"modified":"2025-09-05T11:27:32","modified_gmt":"2025-09-05T11:27:32","slug":"projectos-cofinanciados","status":"publish","type":"page","link":"https:\/\/dueceira.pt\/?page_id=13807","title":{"rendered":"Projectos Cofinanciados"},"content":{"rendered":"<h1 style=\"text-align: right;\"><span style=\"color: #103810;\">2024-2030&#8230;<\/span><\/h1>\n<hr \/>\n<h2><\/h2>\n<h2><strong>Entidade Promotora: Dueceira<\/strong><\/h2>\n<p>&nbsp;<\/p>\n<p>&nbsp;<\/p>\n<h3><strong>&gt;&gt;PROJECTOS APOIADOS NO \u00c2MBITO DO PESSOAS 2030 &#8211; PROGRAMA TEM\u00c1TICO DEMOGRAFIAS, QUALIFICA\u00c7\u00d5ES E INCLUS\u00c3O<\/strong><\/h3>\n<ul>\n<li>\n<h3><strong>Ficha da Opera\u00e7\u00e3o &gt; <\/strong><a href=\"https:\/\/dueceira.pt\/wp-content\/uploads\/2024\/08\/Ficha-da-Operacao-6-em-Rede-A3.png\" target=\"_blank\" rel=\"noopener\"><strong>&#8216;6 EM REDE&#8217; &#8211; N\u00facleo Intermunicipal de Apoio \u00e0 V\u00edtima de Viol\u00eancia Dom\u00e9stica e de G\u00e9nero<\/strong><\/a><\/h3>\n<\/li>\n<li>\n<h3><a href=\"https:\/\/dueceira.pt\/?page_id=14953\" target=\"_blank\" rel=\"noopener\">Mais Informa\u00e7\u00e3o<\/a><\/h3>\n<\/li>\n<li>\n<h3><a href=\"https:\/\/dueceira.pt\/wp-content\/uploads\/2025\/09\/publicidade.png\" target=\"_blank\" rel=\"noopener\">Cartaz de Informa\u00e7\u00e3o e Divulga\u00e7\u00e3o: Est\u00e1gios + TALENTO<\/a><\/h3>\n<\/li>\n<\/ul>\n<h1 style=\"text-align: right;\"><span style=\"color: #103810;\">2014-2023&#8230;<\/span><\/h1>\n<hr \/>\n<h2><\/h2>\n<h2><strong>Entidade Promotora: Dueceira<\/strong><\/h2>\n<h3><\/h3>\n<p>&nbsp;<\/p>\n<h3><strong>&gt;&gt;PROJECTOS APOIADOS NO \u00c2MBITO DO PDR2020 &#8211; PROGRAMA DE DESENVOLVIMENTO RURAL &#8211; MEDIDA 10.2 \/ ABORDAGEM LEADER\/DLBC<\/strong><\/h3>\n<ul>\n<li>\n<h3><strong><a href=\"https:\/\/dueceira.pt\/?page_id=12716\" target=\"_blank\" rel=\"noopener noreferrer\">Funcionamento e Anima\u00e7\u00e3o<\/a><\/strong><\/h3>\n<\/li>\n<li>\n<h3><strong><a href=\"http:\/\/dueceira.pt\/wp-content\/uploads\/2020\/08\/Ficha-de-Projecto-Rede-LEADER-2020-Qualificar-Cooperar-Comunicar.pdf\" target=\"_blank\" rel=\"noopener noreferrer\">Rede LEADER 2020: Qualificar, Cooperar, Comunicar<\/a><\/strong><\/h3>\n<\/li>\n<li>\n<h3><strong><a href=\"http:\/\/dueceira.pt\/wp-content\/uploads\/2020\/08\/Ficha-de-Projecto-LEADER-DLBC-em-Portugal-e-na-Europa.pdf\" target=\"_blank\" rel=\"noopener noreferrer\">LEADER DLBC em Portugal e na Europa<\/a><\/strong><\/h3>\n<\/li>\n<li>\n<h3><strong><a href=\"http:\/\/dueceira.pt\/wp-content\/uploads\/2020\/08\/Ficha-de-Projecto-Green-Economy-Economia-Verde.pdf\" target=\"_blank\" rel=\"noopener noreferrer\">Economia Verde &#8211; Uso M\u00faltiplo da Floresta (Coopera\u00e7\u00e3o transnacional)<\/a><\/strong><\/h3>\n<\/li>\n<li>\n<h3><strong><a href=\"http:\/\/dueceira.pt\/wp-content\/uploads\/2020\/08\/Ficha-de-Projecto-Terras-da-Lusofonia.pdf\" target=\"_blank\" rel=\"noopener noreferrer\">Terras da Lusofonia (Coopera\u00e7\u00e3o transnacional)<\/a><\/strong><\/h3>\n<\/li>\n<li>\n<h3><strong><a href=\"http:\/\/dueceira.pt\/wp-content\/uploads\/2020\/08\/Ficha-de-Projecto-QTS2A.pdf\" target=\"_blank\" rel=\"noopener noreferrer\">Qualificar o Turismo Sustent\u00e1vel, Activo e Ambiente (Coopera\u00e7\u00e3o Interterritorial)<\/a><\/strong><\/h3>\n<\/li>\n<li>\n<h3><strong><a href=\"https:\/\/dueceira.pt\/wp-content\/uploads\/2023\/03\/Ficha-de-Projecto-3C.pdf\" target=\"_blank\" rel=\"noopener\">3 C &#8211; Coopera\u00e7\u00e3o em Circuitos Curtos (Coopera\u00e7\u00e3o Interterritorial)\u00a0<\/a><\/strong><\/h3>\n<\/li>\n<\/ul>\n<p>&nbsp;<\/p>\n<h3><strong>&gt;&gt;PROJECTOS APOIADOS NO \u00c2MBITO DO CENTRO2020 &#8211; PROGRAMA OPERACIONAL REGIONAL DO CENTRO<\/strong><\/h3>\n<ul>\n<li>\n<h3><a href=\"http:\/\/dueceira.pt\/wp-content\/uploads\/2020\/08\/Ficha-de-Projecto-Capacita\u00e7\u00e3o-Institucional.pdf\" target=\"_blank\" rel=\"noopener noreferrer\"><strong>Capacita\u00e7\u00e3o Institucional<\/strong>\u00a0nas Parcerias Territoriais e Sectoriais<\/a><\/h3>\n<\/li>\n<li>\n<h3><a href=\"https:\/\/dueceira.pt\/wp-content\/uploads\/2023\/03\/Ficha-de-Projecto-Patrimonio.pdf\" target=\"_blank\" rel=\"noopener\"><strong>Patrim\u00f3nio Identit\u00e1rio: Terras da Chanfana &#8211; Valoriza\u00e7\u00e3o da Marca Territorial<\/strong><\/a><\/h3>\n<\/li>\n<li>\n<h3><a href=\"http:\/\/dueceira.pt\/wp-content\/uploads\/2020\/08\/Ficha-de-Projecto-INature-trilhos-da-natureza-da-Serra-da-Lous\u00e3-Fase-1.pdf\" target=\"_blank\" rel=\"noopener noreferrer\"><strong>EEC Provere (1\u00aa. Fase): iNature | Trilhos da Natureza da Serra da Lous\u00e3 (1)<\/strong><\/a><\/h3>\n<\/li>\n<li>\n<h3><a href=\"http:\/\/dueceira.pt\/wp-content\/uploads\/2020\/08\/Ficha-de-Projecto-INature-trilhos-da-natureza-da-Serra-da-Lous\u00e3-Fase-2.pdf\" target=\"_blank\" rel=\"noopener noreferrer\"><strong>EEC Provere (2\u00aa. Fase): iNature | Trilhos da Natureza da Serra da Lous\u00e3 (2)<\/strong><\/a><\/h3>\n<\/li>\n<\/ul>\n<p>&nbsp;<\/p>\n<h3><strong>&gt;&gt;PROJECTOS APOIADOS NO \u00c2MBITO DO POISE &#8211; PROGRAMA OPERACIONAL INCLUS\u00c3O SOCIAL E EMPREGO<\/strong><\/h3>\n<ul>\n<li>\n<h3><strong>&#8216;6 em Rede&#8217; &#8211; Rede Inter Municipal de Apoio \u00e0 V\u00edtima de Viol\u00eancia Dom\u00e9stica <\/strong><\/h3>\n<ul>\n<li>\n<h3><a href=\"https:\/\/dueceira.pt\/wp-content\/uploads\/2023\/09\/Ficha-de-Projecto-6-em-rede-actualizado-GAV.pdf\" target=\"_blank\" rel=\"noopener\"><strong>GAV\u00a0 &#8211; Gabinete de Apoio \u00e0 V\u00edtima de Viol\u00eancia Dom\u00e9stica<\/strong><\/a><\/h3>\n<\/li>\n<li>\n<h3><a href=\"https:\/\/dueceira.pt\/wp-content\/uploads\/2023\/10\/Ficha-de-Projecto-6-Rede-RAP-Actualizado.pdf\" target=\"_blank\" rel=\"noopener\"><strong>RAP\u00a0 &#8211; Respostas de Apoio Psicol\u00f3gico a Crian\u00e7as e Jovens V\u00edtimas de Viol\u00eancia Dom\u00e9stica<\/strong><\/a><\/h3>\n<\/li>\n<\/ul>\n<\/li>\n<\/ul>\n<p>&nbsp;<\/p>\n<h3><strong>&gt;&gt;PROJECTOS APOIADOS NO \u00c2MBITO DO PROGRAMA DE INICIATIVA COMUNIT\u00c1RIA LIFE AMBIENTE<\/strong><\/h3>\n<ul>\n<li>\n<h3><strong><a href=\"http:\/\/dueceira.pt\/wp-content\/uploads\/2020\/08\/Ficha-de-Projecto-LiFE-LIGNOBIO.pdf\">LIFE Lignobio<\/a>\u00a0 Ficha do Projecto\u00a0 \u00a0\u00a0<\/strong><\/h3>\n<\/li>\n<li>\n<h3><a href=\"http:\/\/lignobiolife.com\/\" target=\"_blank\" rel=\"noopener noreferrer\">Link para Site oficial do projecto\u00a0<\/a><\/h3>\n<\/li>\n<\/ul>\n<p>&nbsp;<\/p>\n<p>&nbsp;<\/p>\n<hr \/>\n<h2><strong>Promotores\/Benefici\u00e1rios Externos<\/strong><\/h2>\n<p>&nbsp;<\/p>\n<h3><strong>&gt;&gt;PROJECTOS APOIADOS NO \u00c2MBITO DO PDR2020 &#8211; PROGRAMA DE DESENVOLVIMENTO RURAL &#8211; MEDIDA 10.2 \/ ABORDAGEM LEADER\/DLBC<\/strong><\/h3>\n<div class=\"col-lg-12\">\n<ul class=\"custom-bullet\">\n<li>\n<h3><strong>10.2.1.1 &#8211; Regime simplificado de pequenos investimentos nas explora\u00e7\u00f5es agr\u00edcolas<\/strong><\/h3>\n<ul>\n<li>\n<h4><a href=\"http:\/\/dueceira.pt\/wp-content\/uploads\/2020\/02\/MFGALSITE_N1504_PDR2020-DUECEIRA-10211-001-1_hierarquizacao_1.pdf\" target=\"_blank\" rel=\"noopener noreferrer\"><span title=\"An\u00fancio\">001\/DUECEIRA\/10211\/2016\u00a0<\/span>| Per\u00edodo: 1 |\u00a0<span title=\"Data de decis\u00e3o: 2017-07-19\">2017-06-23<\/span><\/a><\/h4>\n<\/li>\n<li>\n<h4><a href=\"http:\/\/dueceira.pt\/wp-content\/uploads\/2020\/02\/MFGALSITE_N4465_PDR2020-DUECEIRA-10211-002-1_hierarquizacao_1.pdf\" target=\"_blank\" rel=\"noopener noreferrer\"><span title=\"An\u00fancio\">002\/DUECEIRA\/10211\/2017\u00a0<\/span>| Per\u00edodo: 1 |\u00a0<span title=\"Data de decis\u00e3o: 2019-05-06\">2019-04-11<\/span><\/a><\/h4>\n<\/li>\n<li>\n<h4><a href=\"http:\/\/dueceira.pt\/wp-content\/uploads\/2020\/02\/MFGALSITE_N5768_PDR2020-DUECEIRA-10211-003-1_hierarquizacao_1.pdf\" target=\"_blank\" rel=\"noopener noreferrer\"><span title=\"An\u00fancio\">003\/DUECEIRA\/10211\/2018\u00a0<\/span>| Per\u00edodo: 1 |\u00a0<span title=\"Data de decis\u00e3o: 2020-01-10\">2019-12-19<\/span><\/a><\/h4>\n<\/li>\n<li>\n<h4><a href=\"http:\/\/dueceira.pt\/wp-content\/uploads\/2020\/08\/MFGALSITE_N6339_PDR2020-DUECEIRA-10211-004-1_hierarquizacao-1.pdf\" target=\"_blank\" rel=\"noopener noreferrer\"><span title=\"An\u00fancio\">004\/DUECEIRA\/10211\/2019\u00a0<\/span>| Per\u00edodo: 1 |\u00a0<span title=\"Data de decis\u00e3o: 2020-05-11\">2020-04-29<\/span><\/a><\/h4>\n<\/li>\n<li>\n<h4><a href=\"https:\/\/dueceira.pt\/wp-content\/uploads\/2022\/05\/MFGALSITE_N8587_PDR2020-DUECEIRA-10211-005-1_hierarquizacao_1.pdf\" target=\"_blank\" rel=\"noopener\"><span title=\"An\u00fancio\">005\/DUECEIRA\/10211\/2020\u00a0<\/span>| Per\u00edodo: 1 |\u00a0<span title=\"Data de decis\u00e3o: 2021-04-30\">2021-04-23<\/span><\/a><\/h4>\n<\/li>\n<li>\n<h4><a href=\"https:\/\/dueceira.pt\/wp-content\/uploads\/2022\/11\/MFGALSITE_N11146_PDR2020-DUECEIRA-10211-006-1_hierarquizacao_1.pdf\" target=\"_blank\" rel=\"noopener\">006\/DUECEIRA\/10211\/2021\u00a0| Per\u00edodo: 1 |\u00a02022-09-15\u00a0<\/a><\/h4>\n<\/li>\n<li>\n<h4>Fichas de Projecto<\/h4>\n<ul>\n<li><a href=\"http:\/\/dueceira.pt\/wp-content\/uploads\/2020\/08\/Ficha-de-Projecto-Hugo-Santos.pdf\" target=\"_blank\" rel=\"noopener noreferrer\">Hugo Santos<\/a><\/li>\n<li><a href=\"http:\/\/dueceira.pt\/wp-content\/uploads\/2020\/08\/Ficha-de-Projecto-Paula-Carvalho.pdf\" target=\"_blank\" rel=\"noopener noreferrer\">Paula Carvalho<\/a><\/li>\n<li><a href=\"http:\/\/dueceira.pt\/wp-content\/uploads\/2020\/08\/Ficha-de-Projecto-Lucas-Falc\u00e3o.pdf\" target=\"_blank\" rel=\"noopener noreferrer\">Lucas Falc\u00e3o<\/a><\/li>\n<li><a href=\"http:\/\/dueceira.pt\/wp-content\/uploads\/2020\/08\/Ficha-de-Projecto-BELABERRY.pdf\" target=\"_blank\" rel=\"noopener noreferrer\">Belaberry, Lda<\/a>.<\/li>\n<li><a href=\"http:\/\/dueceira.pt\/wp-content\/uploads\/2020\/08\/Ficha-de-Projecto-Fausto-Lu\u00eds.pdf\" target=\"_blank\" rel=\"noopener noreferrer\">Fausto Lu\u00eds<\/a><\/li>\n<\/ul>\n<\/li>\n<\/ul>\n<\/li>\n<li>\n<h3><strong>10.2.1.2 &#8211; Pequenos investimentos na transforma\u00e7\u00e3o e comercializa\u00e7\u00e3o<\/strong><\/h3>\n<ul>\n<li>\n<h4><a href=\"http:\/\/dueceira.pt\/wp-content\/uploads\/2020\/02\/MFGALSITE_N981_PDR2020-DUECEIRA-10212-001-1_hierarquizacao_3.pdf\" target=\"_blank\" rel=\"noopener noreferrer\"><span title=\"An\u00fancio\">001\/DUECEIRA\/10212\/2016\u00a0<\/span>| Per\u00edodo: 1 |\u00a0<span title=\"Data de decis\u00e3o: 2017-04-24\">2017-02-23<\/span><\/a><\/h4>\n<\/li>\n<li>\n<h4><a href=\"http:\/\/dueceira.pt\/wp-content\/uploads\/2020\/02\/MFGALSITE_N5770_PDR2020-DUECEIRA-10212-002-1_hierarquizacao_1.pdf\" target=\"_blank\" rel=\"noopener noreferrer\"><span title=\"An\u00fancio\">002\/DUECEIRA\/10212\/2017\u00a0<\/span>| Per\u00edodo: 1 |\u00a0<span title=\"Data de decis\u00e3o: 2020-01-09\">2019-12-19<\/span><\/a><\/h4>\n<\/li>\n<li>\n<h4><a href=\"http:\/\/dueceira.pt\/wp-content\/uploads\/2020\/08\/MFGALSITE_N6416_PDR2020-DUECEIRA-10212-003-1_hierarquizacao-1.pdf\" target=\"_blank\" rel=\"noopener noreferrer\"><span title=\"An\u00fancio\">003\/DUECEIRA\/10212\/2019\u00a0<\/span>| Per\u00edodo: 1 |\u00a0<span title=\"Data de decis\u00e3o: 2020-05-26\">2020-05-15<\/span><\/a><\/h4>\n<\/li>\n<li>\n<h4><a href=\"https:\/\/dueceira.pt\/wp-content\/uploads\/2022\/05\/MFGALSITE_N8340_PDR2020-DUECEIRA-10212-004-1_hierarquizacao_1.pdf\" target=\"_blank\" rel=\"noopener\"><span title=\"An\u00fancio\">004\/DUECEIRA\/10212\/2020\u00a0<\/span>| Per\u00edodo: 1 |\u00a0<span title=\"Data de decis\u00e3o: 2021-03-25\">2021-03-19<\/span><\/a><\/h4>\n<\/li>\n<\/ul>\n<\/li>\n<li>\n<h3><strong>10.2.1.3 &#8211; Diversifica\u00e7\u00e3o de atividades na explora\u00e7\u00e3o<\/strong><\/h3>\n<ul>\n<li>\n<h4><a href=\"http:\/\/dueceira.pt\/wp-content\/uploads\/2020\/02\/MFGALSITE_N_PDR2020-DUECEIRA-10213-001-1_hierarquizacao_1.pdf\" target=\"_blank\" rel=\"noopener noreferrer\"><span title=\"An\u00fancio\">001\/DUECEIRA\/10213\/2016\u00a0<\/span>| Per\u00edodo: 1 |\u00a0<span title=\"Data de decis\u00e3o: 2017-12-04\">2017-10-19<\/span><\/a><\/h4>\n<\/li>\n<li>\n<h4><a href=\"http:\/\/dueceira.pt\/wp-content\/uploads\/2020\/02\/MFGALSITE_N3998_PDR2020-DUECEIRA-10213-002-1_hierarquizacao_1.pdf\" target=\"_blank\" rel=\"noopener noreferrer\"><span title=\"An\u00fancio\">002\/DUECEIRA\/10213\/2017\u00a0<\/span>| Per\u00edodo: 1 |\u00a0<span title=\"Data de decis\u00e3o: 2019-02-05\">2019-01-17<\/span><\/a><\/h4>\n<\/li>\n<li>\n<h4><a href=\"http:\/\/dueceira.pt\/wp-content\/uploads\/2020\/02\/MFGALSITE_N5554_PDR2020-DUECEIRA-10213-003-1_hierarquizacao_1.pdf\" target=\"_blank\" rel=\"noopener noreferrer\"><span title=\"An\u00fancio\">003\/DUECEIRA\/10213\/2019\u00a0<\/span>| Per\u00edodo: 1 |\u00a0<span title=\"Data de decis\u00e3o: 2019-11-19\">2019-10-30<\/span><\/a><\/h4>\n<\/li>\n<\/ul>\n<\/li>\n<li>\n<h3><strong>10.2.1.4 &#8211; Cadeias curtas e mercados locais<\/strong><\/h3>\n<ul>\n<li>\n<h4><a href=\"http:\/\/dueceira.pt\/wp-content\/uploads\/2020\/02\/MFGALSITE_N_PDR2020-DUECEIRA-10214-001-1_hierarquizacao_1.pdf\" target=\"_blank\" rel=\"noopener noreferrer\"><span title=\"An\u00fancio\">001\/DUECEIRA\/10214\/2018\u00a0<\/span>| Per\u00edodo: 1 |\u00a0<span title=\"Data de decis\u00e3o: 2019-07-08\">2019-06-26<\/span><\/a><\/h4>\n<\/li>\n<li>\n<h4><a href=\"https:\/\/dueceira.pt\/wp-content\/uploads\/2022\/05\/MFGALSITE_N8055_PDR2020-DUECEIRA-10214-003-1_hierarquizacao_1.pdf\" target=\"_blank\" rel=\"noopener\"><span title=\"An\u00fancio\">003\/DUECEIRA\/10214\/2020 &#8211; CADEIAS CURTAS\u00a0<\/span>| Per\u00edodo: 1 |\u00a0<span title=\"Data de decis\u00e3o: 2021-02-09\">2021-02-05<\/span><\/a><\/h4>\n<\/li>\n<li>\n<h4><a href=\"https:\/\/dueceira.pt\/wp-content\/uploads\/2022\/05\/MFGALSITE_N8900_PDR2020-DUECEIRA-10214-004-1_hierarquizacao_1.pdf\" target=\"_blank\" rel=\"noopener\"><span title=\"An\u00fancio\">004\/DUECEIRA\/10214\/2020\u00a0<\/span>| Per\u00edodo: 1 |\u00a0<span title=\"Data de decis\u00e3o: 2021-06-07\">2021-06-04<\/span><\/a><\/h4>\n<\/li>\n<li>\n<h4><a href=\"https:\/\/dueceira.pt\/wp-content\/uploads\/2022\/11\/MFGALSITE_N10941_PDR2020-DUECEIRA-10214-005-1_hierarquizacao_1.pdf\" target=\"_blank\" rel=\"noopener\">005\/DUECEIRA\/10214\/2022\u00a0| Per\u00edodo: 1 |\u00a02022-07-21\u00a0<\/a><\/h4>\n<\/li>\n<\/ul>\n<\/li>\n<li>\n<h3><strong>10.2.1.5 &#8211; Promo\u00e7\u00e3o de produtos de qualidade locais<\/strong><\/h3>\n<ul>\n<li>\n<h4><a href=\"http:\/\/dueceira.pt\/wp-content\/uploads\/2020\/02\/MFGALSITE_N4467_PDR2020-DUECEIRA-10215-001-1_hierarquizacao_1.pdf\" target=\"_blank\" rel=\"noopener noreferrer\"><span title=\"An\u00fancio\">001\/DUECEIRA\/10215\/2018\u00a0<\/span>| Per\u00edodo: 1 |\u00a0<span title=\"Data de decis\u00e3o: 2019-04-29\">2019-04-11<\/span><\/a><\/h4>\n<\/li>\n<\/ul>\n<\/li>\n<li>\n<h3><strong>10.2.1.6 &#8211; Renova\u00e7\u00e3o de aldeias<\/strong><\/h3>\n<ul>\n<li>\n<h4><a href=\"http:\/\/dueceira.pt\/wp-content\/uploads\/2020\/02\/MFGALSITE_N2489_PDR2020-DUECEIRA-10216-001-1_hierarquizacao_1.pdf\" target=\"_blank\" rel=\"noopener noreferrer\"><span title=\"An\u00fancio\">001\/DUECEIRA\/10216\/2017\u00a0<\/span>| Per\u00edodo: 1 |\u00a0<\/a><span title=\"Data de decis\u00e3o: 2018-04-23\">2018-02-19\u00a0<\/span><\/h4>\n<\/li>\n<li>\n<h4><a href=\"http:\/\/dueceira.pt\/wp-content\/uploads\/2020\/02\/MFGALSITE_N5266_PDR2020-DUECEIRA-10216-002-1_hierarquizacao_1.pdf\" target=\"_blank\" rel=\"noopener noreferrer\"><span title=\"An\u00fancio\">002\/DUECEIRA\/10216\/2018\u00a0<\/span>| Per\u00edodo: 1 |\u00a0<span title=\"Data de decis\u00e3o: 2019-09-16\">2019-09-03\u00a0<\/span><\/a><\/h4>\n<\/li>\n<li>\n<h4><a href=\"https:\/\/dueceira.pt\/wp-content\/uploads\/2022\/05\/MFGALSITE_N7028_PDR2020-DUECEIRA-10216-003-1_hierarquizacao_1.pdf\" target=\"_blank\" rel=\"noopener\"><span title=\"An\u00fancio\">003\/DUECEIRA\/10216\/2019\u00a0<\/span>| Per\u00edodo: 1 |\u00a0<span title=\"Data de decis\u00e3o: 2020-09-08\">2020-08-24\u00a0<\/span><\/a><\/h4>\n<\/li>\n<li>\n<h4><a href=\"https:\/\/dueceira.pt\/wp-content\/uploads\/2022\/05\/MFGALSITE_N8057_PDR2020-DUECEIRA-10216-004-1_hierarquizacao_1.pdf\" target=\"_blank\" rel=\"noopener\"><span title=\"An\u00fancio\">004\/DUECEIRA\/10216\/2020\u00a0<\/span>| Per\u00edodo: 1 |\u00a0<span title=\"Data de decis\u00e3o: 2021-02-09\">2021-02-05<\/span><\/a><\/h4>\n<\/li>\n<li>\n<h4><a href=\"https:\/\/dueceira.pt\/wp-content\/uploads\/2022\/05\/MFGALSITE_N8589_PDR2020-DUECEIRA-10216-005-1_hierarquizacao_1.pdf\" target=\"_blank\" rel=\"noopener\"><span title=\"An\u00fancio\">005\/DUECEIRA\/10216\/2020\u00a0<\/span>| Per\u00edodo: 1 |\u00a0<span title=\"Data de decis\u00e3o: 2021-04-27\">2021-04-23<\/span><\/a><\/h4>\n<\/li>\n<li>\n<h4><a href=\"https:\/\/dueceira.pt\/wp-content\/uploads\/2022\/05\/MFGALSITE_N9245_PDR2020-DUECEIRA-10216-006-1_hierarquizacao_1.pdf\" target=\"_blank\" rel=\"noopener\"><span title=\"An\u00fancio\">006\/DUECEIRA\/10216\/2020\u00a0<\/span>| Per\u00edodo: 1 |\u00a0<span title=\"Data de decis\u00e3o: 2021-08-11\">2021-07-30<\/span><\/a><\/h4>\n<\/li>\n<\/ul>\n<\/li>\n<\/ul>\n<\/div>\n<h3><\/h3>\n<p>&nbsp;<\/p>\n<h3><strong>&gt;&gt;PROJECTOS APOIADOS NO \u00c2MBITO DO <\/strong><strong>CENTRO2020 | <\/strong><strong style=\"font-size: 16px;\">\u00a0SI2E &#8211; SISTEMA DE INCENTIVOS AO EMPREENDEDORISMO E EMPREGO<\/strong><\/h3>\n<ul>\n<li>\n<h3><a href=\"http:\/\/dueceira.pt\/wp-content\/uploads\/2020\/08\/SI2E_Ponto-situa\u00e7\u00e3o-opera\u00e7\u00f5es-aprovadas_2020-07-31.pdf\" target=\"_blank\" rel=\"noopener noreferrer\">Listagem de Projectos Aprovados e em Execu\u00e7\u00e3o<\/a><\/h3>\n<\/li>\n<\/ul>\n<p>&nbsp;<\/p>\n<h3><strong>&gt;&gt;PROJECTOS APOIADOS NO \u00c2MBITO DO <\/strong><strong>CENTRO2020 | +CO3SO EMPREGO- Sistema de Apoios ao Empreendedorismo e Emprego<\/strong><\/h3>\n<ul>\n<li>\n<h4><strong>+CO3SO EMPREGO &#8211; INTERIOR<\/strong><\/h4>\n<\/li>\n<li>\n<h4><strong>+CO3SO EMPREGO &#8211; EMPREENDEDORISMO SOCIAL<\/strong><\/h4>\n<\/li>\n<\/ul>\n<div class=\"col-lg-12\">\n<hr \/>\n<\/div>\n","protected":false},"excerpt":{"rendered":"<p>2024-2030&#8230; Entidade Promotora: Dueceira &nbsp; &nbsp; &gt;&gt;PROJECTOS APOIADOS NO \u00c2MBITO DO PESSOAS 2030 &#8211; PROGRAMA TEM\u00c1TICO DEMOGRAFIAS, QUALIFICA\u00c7\u00d5ES E INCLUS\u00c3O Ficha da Opera\u00e7\u00e3o &gt; &#8216;6 EM REDE&#8217; &#8211; N\u00facleo Intermunicipal de Apoio \u00e0 V\u00edtima de Viol\u00eancia Dom\u00e9stica e de G\u00e9nero Mais Informa\u00e7\u00e3o Cartaz de Informa\u00e7\u00e3o e Divulga\u00e7\u00e3o: Est\u00e1gios + TALENTO 2014-2023&#8230; Entidade Promotora: Dueceira &nbsp;  [&#8230;]<\/p>\n","protected":false},"author":3,"featured_media":0,"parent":0,"menu_order":0,"comment_status":"closed","ping_status":"closed","template":"","meta":{"footnotes":""},"class_list":["post-13807","page","type-page","status-publish","hentry"],"jetpack_sharing_enabled":true,"_links":{"self":[{"href":"https:\/\/dueceira.pt\/index.php?rest_route=\/wp\/v2\/pages\/13807","targetHints":{"allow":["GET"]}}],"collection":[{"href":"https:\/\/dueceira.pt\/index.php?rest_route=\/wp\/v2\/pages"}],"about":[{"href":"https:\/\/dueceira.pt\/index.php?rest_route=\/wp\/v2\/types\/page"}],"author":[{"embeddable":true,"href":"https:\/\/dueceira.pt\/index.php?rest_route=\/wp\/v2\/users\/3"}],"replies":[{"embeddable":true,"href":"https:\/\/dueceira.pt\/index.php?rest_route=%2Fwp%2Fv2%2Fcomments&post=13807"}],"version-history":[{"count":69,"href":"https:\/\/dueceira.pt\/index.php?rest_route=\/wp\/v2\/pages\/13807\/revisions"}],"predecessor-version":[{"id":15195,"href":"https:\/\/dueceira.pt\/index.php?rest_route=\/wp\/v2\/pages\/13807\/revisions\/15195"}],"wp:attachment":[{"href":"https:\/\/dueceira.pt\/index.php?rest_route=%2Fwp%2Fv2%2Fmedia&parent=13807"}],"curies":[{"name":"wp","href":"https:\/\/api.w.org\/{rel}","templated":true}]}}