{"id":14067,"date":"2020-07-24T15:47:30","date_gmt":"2020-07-24T15:47:30","guid":{"rendered":"http:\/\/dueceira.pt\/?page_id=14067"},"modified":"2020-10-06T08:30:30","modified_gmt":"2020-10-06T08:30:30","slug":"co3so-emprego-empreendedorismo-social","status":"publish","type":"page","link":"https:\/\/dueceira.pt\/?page_id=14067","title":{"rendered":"+CO3SO EMPREGO &#8211; Empreendedorismo Social"},"content":{"rendered":"<h4 data-fontsize=\"16\" data-lineheight=\"20px\"><a href=\"http:\/\/dueceira.pt\/wp-content\/uploads\/2020\/07\/Logo_CO3SO_v1_e_2-02-scaled.jpg\"><img decoding=\"async\" class=\"alignnone size-medium wp-image-14038\" src=\"http:\/\/dueceira.pt\/wp-content\/uploads\/2020\/07\/Logo_CO3SO_v1_e_2-02-300x74.jpg\" alt=\"\" width=\"300\" height=\"74\" srcset=\"https:\/\/dueceira.pt\/wp-content\/uploads\/2020\/07\/Logo_CO3SO_v1_e_2-02-200x49.jpg 200w, https:\/\/dueceira.pt\/wp-content\/uploads\/2020\/07\/Logo_CO3SO_v1_e_2-02-300x74.jpg 300w, https:\/\/dueceira.pt\/wp-content\/uploads\/2020\/07\/Logo_CO3SO_v1_e_2-02-400x99.jpg 400w, https:\/\/dueceira.pt\/wp-content\/uploads\/2020\/07\/Logo_CO3SO_v1_e_2-02-600x148.jpg 600w, https:\/\/dueceira.pt\/wp-content\/uploads\/2020\/07\/Logo_CO3SO_v1_e_2-02-768x189.jpg 768w, https:\/\/dueceira.pt\/wp-content\/uploads\/2020\/07\/Logo_CO3SO_v1_e_2-02-800x197.jpg 800w, https:\/\/dueceira.pt\/wp-content\/uploads\/2020\/07\/Logo_CO3SO_v1_e_2-02-1024x252.jpg 1024w, https:\/\/dueceira.pt\/wp-content\/uploads\/2020\/07\/Logo_CO3SO_v1_e_2-02-1200x296.jpg 1200w, https:\/\/dueceira.pt\/wp-content\/uploads\/2020\/07\/Logo_CO3SO_v1_e_2-02-1536x378.jpg 1536w, https:\/\/dueceira.pt\/wp-content\/uploads\/2020\/07\/Logo_CO3SO_v1_e_2-02-scaled.jpg 2560w\" sizes=\"(max-width: 300px) 100vw, 300px\" \/><\/a><\/h4>\n<h4 data-fontsize=\"16\" data-lineheight=\"20px\">+COESO &#8211; EMPREGO EMPREENDEDORISMO SOCIAL<\/h4>\n<p data-fontsize=\"16\" data-lineheight=\"20px\">SISTEMA DE APOIOS AO EMPREGO E EMPREENDEDORISMO<\/p>\n<hr \/>\n<h4 class=\"fusion-responsive-typography-calculated\" data-fontsize=\"16\" data-lineheight=\"20px\"><strong>AVISO N<\/strong><strong>\u00ba. CENTRO-40-2020-48\u00a0 <\/strong>DUECEIRA\u00a0 <span style=\"color: #ff0000;\">ENCERRADO<\/span><\/h4>\n<h4 class=\"fusion-responsive-typography-calculated\" data-fontsize=\"16\" data-lineheight=\"20px\">[de 20.Julho a 18.Novembro.2020]<\/h4>\n<h4 class=\"fusion-responsive-typography-calculated\" data-fontsize=\"16\" data-lineheight=\"20px\">Fases de Candidatura<\/h4>\n<blockquote><p><strong>&gt; 1\u00aa. Fase at\u00e9 15 de Setembro de 2020 \u2013 18:00<\/strong><br \/>\n<span style=\"color: #ff0000;\"><strong>&gt; Concurso Suspenso a partir de 17\/09\/2020, 17h59 [2\u00ba. Fase at\u00e9 18 de Novembro de 2020 &#8211; 18:00]<\/strong><\/span><\/p><\/blockquote>\n<ul>\n<li>\n<h4><a href=\"http:\/\/dueceira.pt\/wp-content\/uploads\/2020\/07\/DUECEIRA-Divulga\u00e7\u00e3o-CO3SO-EMPREENDEDORISMO-SOCIAL.pdf\" target=\"_blank\" rel=\"noopener noreferrer\">Apresenta\u00e7\u00e3o-S\u00edntese +CO3SO Emprego &#8211; Empreendedorismo Social<\/a><\/h4>\n<\/li>\n<li>\n<h4 class=\"fusion-responsive-typography-calculated\" data-fontsize=\"16\" data-lineheight=\"20px\"><a href=\"http:\/\/dueceira.pt\/wp-content\/uploads\/2020\/07\/CO3SO-Emprego-Empreendedorismo-Social-GAL-DUECEIRA.pdf\" target=\"_blank\" rel=\"noopener noreferrer\">AVISO DE CONCURSO <strong>CENTRO-40-2020-48\u00a0 <\/strong>DUECEIRA<\/a><\/h4>\n<\/li>\n<li>\n<h4 class=\"fusion-responsive-typography-calculated\" data-fontsize=\"16\" data-lineheight=\"20px\">Anexos ao Aviso de Concurso<\/h4>\n<ul>\n<li><a href=\"http:\/\/dueceira.pt\/wp-content\/uploads\/2020\/07\/Anexo-A-Enquadramento-na-Estrat\u00e9gia-de-Desenvolvimento-Local.pdf\" target=\"_blank\" rel=\"noopener noreferrer\">ANEXO A \u2013 ESTRAT\u00c9GIA TERRITORIAL GAL \u2013 DLBC DUECEIRA2020<\/a><\/li>\n<li><a href=\"http:\/\/dueceira.pt\/wp-content\/uploads\/2020\/07\/Anexo-B-Referencial-de-M\u00e9rito.pdf\">ANEXO B &#8211; REFERENCIAL DE M\u00c9RITO<\/a><\/li>\n<\/ul>\n<\/li>\n<\/ul>\n<ul>\n<li style=\"list-style-type: none;\">\n<ul>\n<li style=\"list-style-type: none;\">\n<ul>\n<li><strong>CRIT\u00c9RIOS DE DESEMPATE<\/strong>Os crit\u00e9rios de desempate ser\u00e3o os previstos no n.\u00ba 4 do Artigo 11\u00ba da Portaria n.\u00ba 97-A\/2015 de 30 de Mar\u00e7o, que adopta o Regulamento Espec\u00edfico da Inclus\u00e3o Social e Emprego, a saber:- maior representatividade de mulheres nos \u00f3rg\u00e3os de dire\u00e7\u00e3o, de administra\u00e7\u00e3o e de gest\u00e3o, das entidades candidatas;- maior igualdade salarial entre mulheres e homens que desempenham as mesmas ou id\u00eanticas fun\u00e7\u00f5es, nas entidades candidatas;- a pontua\u00e7\u00e3o atribu\u00edda aos seguintes crit\u00e9rios e pela seguinte ordem:1\u00ba Efic\u00e1cia e impacto em Resultados;2\u00ba Efici\u00eancia, qualidade e inova\u00e7\u00e3o;3\u00ba Abrang\u00eancia e transversalidade\u200b<\/li>\n<\/ul>\n<\/li>\n<li><a href=\"http:\/\/dueceira.pt\/wp-content\/uploads\/2020\/07\/Anexo-C-Documentos-apresentar-candidatura.pdf\" target=\"_blank\" rel=\"noopener noreferrer\">ANEXO C \u2013 DOCUMENTOS A APRESENTAR NA CANDIDATURA<\/a>\n<ul>\n<li>\n<h4><strong><span style=\"color: #993300;\">OBSERVA\u00c7\u00c3O MUITO IMPORTANTE<\/span><\/strong><\/h4>\n<\/li>\n<\/ul>\n<\/li>\n<\/ul>\n<\/li>\n<\/ul>\n<h4 style=\"padding-left: 120px;\">O artigo 9.\u00ba do Regulamento +CO3SO define como <strong>condi\u00e7\u00e3o de elegibilidade das opera\u00e7\u00f5es a entrega, em sede de candidatura, de toda a informa\u00e7\u00e3o exigida no \u00e2mbito da instru\u00e7\u00e3o do processo de candidatura,<\/strong> incluindo a relativa ao projecto de empreendedorismo social a desenvolver nos termos do respectivo aviso, respeitando as condi\u00e7\u00f5es e os prazos fixados. <strong>Dever\u00e3o ser anexados ao formul\u00e1rio de candidatura todos os documentos identificados no Anexo C de cada Aviso, nomeadamente <\/strong><strong>Mem\u00f3ria Descritiva (de acordo com o modelo disponibilizado) e Anexos de E a I<\/strong><strong>.<\/strong><\/h4>\n<h4 style=\"padding-left: 120px;\">A aus\u00eancia de um documento em sede de candidatura implica a proposta de n\u00e3o elegibilidade do benefici\u00e1rio ou da opera\u00e7\u00e3o quando seja imprescind\u00edvel para comprovar o cumprimento de um crit\u00e9rio de elegibilidade, tal como identificado nos artigos 8.\u00ba e 9.\u00ba Portaria n.\u00ba 52\/2020 ou para efectuar a an\u00e1lise da opera\u00e7\u00e3o.<\/h4>\n<ul>\n<li style=\"list-style-type: none;\">\n<ul>\n<li><a href=\"http:\/\/dueceira.pt\/wp-content\/uploads\/2020\/07\/Anexo-D-Territ\u00f3rio-de-Interven\u00e7\u00e3o_DUECEIRA.pdf\" target=\"_blank\" rel=\"noopener noreferrer\">ANEXO D &#8211; TERRIT\u00d3RIO DE INTERVEN\u00c7\u00c3O DA DUECEIRA<\/a><\/li>\n<li><a href=\"http:\/\/dueceira.pt\/wp-content\/uploads\/2020\/07\/Anexo-E-Mem\u00f3ria-Descritiva_CO3SO-Emp.-Social-.xlsx\" target=\"_blank\" rel=\"noopener noreferrer\">ANEXO E &#8211; MEM\u00d3RIA DESCRITIVA<\/a><\/li>\n<li><a href=\"http:\/\/dueceira.pt\/wp-content\/uploads\/2020\/07\/Anexo-F-Check-List-_Regras-Ambientais_OT_Licenciamento.docx\" target=\"_blank\" rel=\"noopener noreferrer\">ANEXO F &#8211; CHECK LIST DE VERIFICA\u00c7\u00c3O DO CUMPRIMENTO DA LEGISLA\u00c7\u00c3O AMBIENTAL, ORDENAMENTO DO TERRIT\u00d3RIO E LICENCIAMENTOS<\/a><\/li>\n<li><a href=\"http:\/\/dueceira.pt\/wp-content\/uploads\/2020\/07\/Anexo-G-Check-list_Igualdade-de-Oportunidades-e-da-n\u00e3o-descrimina\u00e7\u00e3o_VF-CENTRO-v.1.docx\" target=\"_blank\" rel=\"noopener noreferrer\">ANEXO G &#8211; CHECK LIST DE AVALIA\u00c7\u00c3O DA INTEGRA\u00c7\u00c3O DA PERSPECTIVA DA IGUALDADE ENTRE HOMENS E MULHERES E IGUALDADE DE OPORTUNIDADES E DA N\u00c3O DESCRIMINA\u00c7\u00c3<\/a><a href=\"http:\/\/dueceira.pt\/wp-content\/uploads\/2020\/07\/Anexo-G-Check-list_Igualdade-de-Oportunidades-e-da-n\u00e3o-descrimina\u00e7\u00e3o_VF-CENTRO-v.1-1.docx\" target=\"_blank\" rel=\"noopener noreferrer\">O<\/a><\/li>\n<li><a href=\"http:\/\/dueceira.pt\/wp-content\/uploads\/2020\/07\/Anexo-H-Decl-Complementar_Empresas.doc\" target=\"_blank\" rel=\"noopener noreferrer\">ANEXO H &#8211; DECLARA\u00c7\u00c3O COMPLEMENTAR AOS TERMOS E CONDI\u00c7\u00d5ES DE CANDIDATURA<\/a><\/li>\n<li><a href=\"http:\/\/dueceira.pt\/wp-content\/uploads\/2020\/07\/ANEXO-I-Simulador-CO3SO.xlsx\" target=\"_blank\" rel=\"noopener noreferrer\">ANEXO I &#8211; SIMULADOR +CO3SO<\/a><\/li>\n<\/ul>\n<\/li>\n<li>\n<h4 class=\"fusion-responsive-typography-calculated\" data-fontsize=\"16\" data-lineheight=\"20px\"><a href=\"http:\/\/dueceira.pt\/wp-content\/uploads\/2020\/07\/Coeso-Portaria-de-Base-52-2020-de-28.02.pdf\" target=\"_blank\" rel=\"noopener noreferrer\">PORTARIA REGULAMENTAR 52\/2020 DE 28\/02<\/a><\/h4>\n<\/li>\n<li>\n<h4><strong><a href=\"http:\/\/dueceira.pt\/wp-content\/uploads\/2020\/07\/Portaria-128-2020-de-26-05-Altera\u00e7\u00f5es-ao-Reg.-do-CO3SO-Emprego.pdf\" target=\"_blank\" rel=\"noopener noreferrer\">PORTARIA 128\/2020 DE 26\/05 (1\u00aa. Altera\u00e7\u00e3o \u00e0 Portaria Regulamentar)<\/a><\/strong><\/h4>\n<\/li>\n<li>\n<h4 class=\"fusion-responsive-typography-calculated\" data-fontsize=\"16\" data-lineheight=\"20px\"><a href=\"http:\/\/dueceira.pt\/wp-content\/uploads\/2020\/07\/Gui\u00e3o_Candidaturas_CO3SO.pdf\" target=\"_blank\" rel=\"noopener noreferrer\">GUI\u00c3O DE CANDIDATURAS<\/a><\/h4>\n<\/li>\n<li>\n<h4>Balc\u00e3o Portugal2020<\/h4>\n<ul>\n<li>\n<h4 class=\"fusion-responsive-typography-calculated\" data-fontsize=\"12\" data-lineheight=\"18px\"><a href=\"https:\/\/balcao.portugal2020.pt\/Balcao2020.idp\/RequestLoginAndPassword.aspx\" target=\"_blank\" rel=\"noopener noreferrer\">ACESSO AO BALC\u00c3O<\/a><\/h4>\n<\/li>\n<\/ul>\n<\/li>\n<\/ul>\n<h4><\/h4>\n","protected":false},"excerpt":{"rendered":"<p>+COESO &#8211; EMPREGO EMPREENDEDORISMO SOCIAL SISTEMA DE APOIOS AO EMPREGO E EMPREENDEDORISMO AVISO N\u00ba. CENTRO-40-2020-48\u00a0 DUECEIRA\u00a0 ENCERRADO [de 20.Julho a 18.Novembro.2020] Fases de Candidatura &gt; 1\u00aa. Fase at\u00e9 15 de Setembro de 2020 \u2013 18:00 &gt; Concurso Suspenso a partir de 17\/09\/2020, 17h59 [2\u00ba. Fase at\u00e9 18 de Novembro de 2020 &#8211; 18:00] Apresenta\u00e7\u00e3o-S\u00edntese +CO3SO  [&#8230;]<\/p>\n","protected":false},"author":3,"featured_media":0,"parent":0,"menu_order":0,"comment_status":"closed","ping_status":"closed","template":"","meta":{"footnotes":""},"class_list":["post-14067","page","type-page","status-publish","hentry"],"jetpack_sharing_enabled":true,"_links":{"self":[{"href":"https:\/\/dueceira.pt\/index.php?rest_route=\/wp\/v2\/pages\/14067","targetHints":{"allow":["GET"]}}],"collection":[{"href":"https:\/\/dueceira.pt\/index.php?rest_route=\/wp\/v2\/pages"}],"about":[{"href":"https:\/\/dueceira.pt\/index.php?rest_route=\/wp\/v2\/types\/page"}],"author":[{"embeddable":true,"href":"https:\/\/dueceira.pt\/index.php?rest_route=\/wp\/v2\/users\/3"}],"replies":[{"embeddable":true,"href":"https:\/\/dueceira.pt\/index.php?rest_route=%2Fwp%2Fv2%2Fcomments&post=14067"}],"version-history":[{"count":21,"href":"https:\/\/dueceira.pt\/index.php?rest_route=\/wp\/v2\/pages\/14067\/revisions"}],"predecessor-version":[{"id":14228,"href":"https:\/\/dueceira.pt\/index.php?rest_route=\/wp\/v2\/pages\/14067\/revisions\/14228"}],"wp:attachment":[{"href":"https:\/\/dueceira.pt\/index.php?rest_route=%2Fwp%2Fv2%2Fmedia&parent=14067"}],"curies":[{"name":"wp","href":"https:\/\/api.w.org\/{rel}","templated":true}]}}