{"id":15411,"date":"2026-04-23T10:41:20","date_gmt":"2026-04-23T10:41:20","guid":{"rendered":"https:\/\/dueceira.pt\/?page_id=15411"},"modified":"2026-04-23T11:08:59","modified_gmt":"2026-04-23T11:08:59","slug":"15411-2","status":"publish","type":"page","link":"https:\/\/dueceira.pt\/?page_id=15411","title":{"rendered":"D.1112\u2013 Pequenos investimentos na na Bioeconmia e Economia Circular"},"content":{"rendered":"<h3><strong>D.1112\u2013 Pequenos investimentos na na Bioeconmia e Economia Circular\u00a0<\/strong><\/h3>\n<h4><span style=\"color: #208020;\">[Previs\u00e3o de Abertura: Maio de 2026]<\/span><\/h4>\n<h4><span style=\"color: #208020;\">\u00a0<a href=\"https:\/\/dueceira.pt\/wp-content\/uploads\/2026\/04\/Bioeconomia-e-economia-circular-Imagem.png\"><img decoding=\"async\" class=\"alignnone  wp-image-15418\" src=\"https:\/\/dueceira.pt\/wp-content\/uploads\/2026\/04\/Bioeconomia-e-economia-circular-Imagem.png\" alt=\"\" width=\"365\" height=\"345\" srcset=\"https:\/\/dueceira.pt\/wp-content\/uploads\/2026\/04\/Bioeconomia-e-economia-circular-Imagem-200x189.png 200w, https:\/\/dueceira.pt\/wp-content\/uploads\/2026\/04\/Bioeconomia-e-economia-circular-Imagem-300x283.png 300w, https:\/\/dueceira.pt\/wp-content\/uploads\/2026\/04\/Bioeconomia-e-economia-circular-Imagem-400x378.png 400w, https:\/\/dueceira.pt\/wp-content\/uploads\/2026\/04\/Bioeconomia-e-economia-circular-Imagem-600x567.png 600w, https:\/\/dueceira.pt\/wp-content\/uploads\/2026\/04\/Bioeconomia-e-economia-circular-Imagem-768x726.png 768w, https:\/\/dueceira.pt\/wp-content\/uploads\/2026\/04\/Bioeconomia-e-economia-circular-Imagem-800x756.png 800w, https:\/\/dueceira.pt\/wp-content\/uploads\/2026\/04\/Bioeconomia-e-economia-circular-Imagem-1024x968.png 1024w, https:\/\/dueceira.pt\/wp-content\/uploads\/2026\/04\/Bioeconomia-e-economia-circular-Imagem.png 1054w\" sizes=\"(max-width: 365px) 100vw, 365px\" \/><\/a><\/span><\/h4>\n<hr \/>\n<ul>\n<li>\n<h5><strong>Aviso para Apresenta\u00e7\u00e3o de Candidaturas <span style=\"color: #208020;\">(Em breve)<\/span><\/strong><\/h5>\n<\/li>\n<li>\n<h5><a href=\"https:\/\/dueceira.pt\/wp-content\/uploads\/2026\/04\/OT_D1112_vfinal_assinada.pdf\" target=\"_blank\" rel=\"noopener\">Orienta\u00e7\u00e3o T\u00e9cnica AG PEPACC\/OT n\u00ba24\/D1111\/2025<\/a><\/h5>\n<\/li>\n<li><a href=\"https:\/\/dueceira.pt\/wp-content\/uploads\/2026\/04\/Ficha-de-Apoio.png\" target=\"_blank\" rel=\"noopener\">Ficha de Apoio: Compreens\u00e3o dos Conceitos<\/a><\/li>\n<\/ul>\n<h4><strong>Acesso ao BFA: Balc\u00e3o dos Fundos da Agricultura<\/strong><\/h4>\n<ul>\n<li>\n<h5><a href=\"https:\/\/pepacc.pt\/concursos-externos\/pequenos-investimentos-da-exploracao-agricola-dueceira\/\" target=\"_blank\" rel=\"noopener\">GAL DUECEIRA<\/a><\/h5>\n<\/li>\n<li>\n<h5><a href=\"https:\/\/fundosparaagricultura.pt\/login-autenticacao-govpt\" target=\"_blank\" rel=\"noopener\">Autentica\u00e7\u00e3o \/ \u00c1rea Reservada<\/a><\/h5>\n<\/li>\n<li>\n<h5><a href=\"https:\/\/pepacc.pt\/wp-content\/uploads\/2024\/07\/FB_Chave-Movel-Digital_Reforco.mp4\" target=\"_blank\" rel=\"noopener\">Acesso ao Balc\u00e3o: V\u00eddeo Tutorial\u00a0<\/a><\/h5>\n<\/li>\n<\/ul>\n<p style=\"padding-left: 120px;\">O novo Balc\u00e3o dos Fundos da Agricultura \u00e9 o ponto central de acesso \u00e0s oportunidades de financiamento PEPAC no Continente, submiss\u00e3o e acompanhamento de candidaturas. Para acesso, carece de Chave M\u00f3vel Digital activada [Instru\u00e7\u00f5es detalhadas no portal <a href=\"https:\/\/www.autenticacao.gov.pt\/web\/guest\/cmd-pedido-chave\" target=\"_blank\" rel=\"noreferrer noopener\">Autentica\u00e7\u00e3o.Gov]<\/a><\/p>\n<p>&nbsp;<\/p>\n<hr \/>\n<h5 style=\"text-align: center;\">Mais informa\u00e7\u00f5es: T: 239 99 52 68 | E: dueceira@sapo.pt<\/h5>\n<hr \/>\n<p>&nbsp;<\/p>\n","protected":false},"excerpt":{"rendered":"<p>D.1112\u2013 Pequenos investimentos na na Bioeconmia e Economia Circular\u00a0 [Previs\u00e3o de Abertura: Maio de 2026] \u00a0 Aviso para Apresenta\u00e7\u00e3o de Candidaturas (Em breve) Orienta\u00e7\u00e3o T\u00e9cnica AG PEPACC\/OT n\u00ba24\/D1111\/2025 Ficha de Apoio: Compreens\u00e3o dos Conceitos Acesso ao BFA: Balc\u00e3o dos Fundos da Agricultura GAL DUECEIRA Autentica\u00e7\u00e3o \/ \u00c1rea Reservada Acesso ao Balc\u00e3o: V\u00eddeo Tutorial\u00a0 O novo  [&#8230;]<\/p>\n","protected":false},"author":3,"featured_media":0,"parent":0,"menu_order":0,"comment_status":"closed","ping_status":"closed","template":"","meta":{"footnotes":""},"class_list":["post-15411","page","type-page","status-publish","hentry"],"jetpack_sharing_enabled":true,"_links":{"self":[{"href":"https:\/\/dueceira.pt\/index.php?rest_route=\/wp\/v2\/pages\/15411","targetHints":{"allow":["GET"]}}],"collection":[{"href":"https:\/\/dueceira.pt\/index.php?rest_route=\/wp\/v2\/pages"}],"about":[{"href":"https:\/\/dueceira.pt\/index.php?rest_route=\/wp\/v2\/types\/page"}],"author":[{"embeddable":true,"href":"https:\/\/dueceira.pt\/index.php?rest_route=\/wp\/v2\/users\/3"}],"replies":[{"embeddable":true,"href":"https:\/\/dueceira.pt\/index.php?rest_route=%2Fwp%2Fv2%2Fcomments&post=15411"}],"version-history":[{"count":5,"href":"https:\/\/dueceira.pt\/index.php?rest_route=\/wp\/v2\/pages\/15411\/revisions"}],"predecessor-version":[{"id":15421,"href":"https:\/\/dueceira.pt\/index.php?rest_route=\/wp\/v2\/pages\/15411\/revisions\/15421"}],"wp:attachment":[{"href":"https:\/\/dueceira.pt\/index.php?rest_route=%2Fwp%2Fv2%2Fmedia&parent=15411"}],"curies":[{"name":"wp","href":"https:\/\/api.w.org\/{rel}","templated":true}]}}