{"id":94,"date":"2012-07-31T02:20:13","date_gmt":"2012-07-31T02:20:13","guid":{"rendered":"http:\/\/theme-fusion.com\/avada\/?page_id=94"},"modified":"2025-07-25T14:01:26","modified_gmt":"2025-07-25T14:01:26","slug":"1-column","status":"publish","type":"page","link":"https:\/\/dueceira.pt\/?page_id=94","title":{"rendered":"Apresenta\u00e7\u00e3o"},"content":{"rendered":"<div class=\"fusion-fullwidth fullwidth-box fusion-builder-row-1 hundred-percent-fullwidth non-hundred-percent-height-scrolling\" style=\"--awb-border-radius-top-left:0px;--awb-border-radius-top-right:0px;--awb-border-radius-bottom-right:0px;--awb-border-radius-bottom-left:0px;--awb-overflow:visible;--awb-flex-wrap:wrap;\" ><div class=\"fusion-builder-row fusion-row\"><div class=\"fusion-layout-column fusion_builder_column fusion-builder-column-0 fusion_builder_column_2_3 2_3 fusion-two-third fusion-column-first\" style=\"--awb-bg-size:cover;width:65.3333%; margin-right: 4%;\"><div class=\"fusion-column-wrapper fusion-flex-column-wrapper-legacy\"><div class=\"fusion-text fusion-text-1\"><h2>DUECEIRA\u2013 Associa\u00e7\u00e3o de Desenvolvimento do Ceira e Due\u00e7a<\/h2>\n<ul>\n<li style=\"text-align: justify;\">\n<h4><span style=\"color: #808080;\"><span style=\"color: #8a6e6e;\">Tipo de Entidade<\/span><strong>\u00a0<\/strong><\/span><span style=\"color: #000000;\">Associa\u00e7\u00e3o de direito privado, sem fins lucrativos, de utilidade p\u00fablica<\/span><\/h4>\n<\/li>\n<li style=\"text-align: justify;\">\n<h4><span style=\"color: #8a6e6e;\">Data de Funda\u00e7\u00e3o <\/span><span style=\"color: #000000;\">04 de Mar\u00e7o de 1994<\/span><\/h4>\n<\/li>\n<li style=\"text-align: justify;\">\n<h4><span style=\"color: #8a6e6e;\">Sede <\/span><span style=\"color: #000000;\">Lous\u00e3<\/span><\/h4>\n<\/li>\n<li style=\"text-align: justify;\">\n<h4><span style=\"color: #8a6e6e;\">Quadro de Parceria<\/span> 66<span style=\"color: #000000;\">\u00a0Associados Efectivos, entidades colectivas de Direito P\u00fablico e Privado<\/span><\/h4>\n<\/li>\n<li style=\"text-align: justify;\">\n<h4><span style=\"color: #8a6e6e;\">Territ\u00f3rio<\/span> <span style=\"color: #000000;\">Concelhos de Lous\u00e3, Miranda do Corvo, Penela e Vila Nova de Poiares<\/span><\/h4>\n<\/li>\n<li style=\"text-align: justify;\">\n<h4><span style=\"color: #8a6e6e;\">Tipologia de Territ\u00f3rio <\/span><span style=\"color: #000000;\">Freguesias Rurais de Interior e Baixa Densidade, Concelhos de Montanha<\/span><\/h4>\n<\/li>\n<li style=\"text-align: justify;\">\n<h4><span style=\"color: #8a6e6e;\">Miss\u00e3o<\/span> <span style=\"color: #000000;\">A Associa\u00e7\u00e3o tem como <strong>Miss\u00e3o<\/strong>, a melhoria da qualidade de vida das suas popula\u00e7\u00f5es atrav\u00e9s da constru\u00e7\u00e3o de uma imagem positiva, renovada e atractiva do mundo rural, com recurso \u00e0s originalidades do territ\u00f3rio como factor de afirma\u00e7\u00e3o e fortalecimento da auto-estima das comunidades locais, visando a sua fixa\u00e7\u00e3o e valoriza\u00e7\u00e3o, sendo que assumido como <strong>Macro-objectivo<\/strong> de toda a interven\u00e7\u00e3o o <strong>REFOR\u00c7O DA COMPETITIVIDADE DO TERRIT\u00d3RIO<\/strong><\/span><\/h4>\n<\/li>\n<\/ul>\n<\/div><div class=\"fusion-clearfix\"><\/div><\/div><\/div><\/div><\/div>\n<p><a href=\"https:\/\/dueceira.pt\/wp-content\/uploads\/2025\/07\/Associacao-Fachada-3-Copia.jpeg\"><img decoding=\"async\" class=\"alignnone  wp-image-15061\" src=\"https:\/\/dueceira.pt\/wp-content\/uploads\/2025\/07\/Associacao-Fachada-3-Copia.jpeg\" alt=\"\" width=\"725\" height=\"434\" srcset=\"https:\/\/dueceira.pt\/wp-content\/uploads\/2025\/07\/Associacao-Fachada-3-Copia-200x120.jpeg 200w, https:\/\/dueceira.pt\/wp-content\/uploads\/2025\/07\/Associacao-Fachada-3-Copia-300x180.jpeg 300w, https:\/\/dueceira.pt\/wp-content\/uploads\/2025\/07\/Associacao-Fachada-3-Copia-400x240.jpeg 400w, https:\/\/dueceira.pt\/wp-content\/uploads\/2025\/07\/Associacao-Fachada-3-Copia-600x359.jpeg 600w, https:\/\/dueceira.pt\/wp-content\/uploads\/2025\/07\/Associacao-Fachada-3-Copia-768x460.jpeg 768w, https:\/\/dueceira.pt\/wp-content\/uploads\/2025\/07\/Associacao-Fachada-3-Copia-800x479.jpeg 800w, https:\/\/dueceira.pt\/wp-content\/uploads\/2025\/07\/Associacao-Fachada-3-Copia-1024x613.jpeg 1024w, https:\/\/dueceira.pt\/wp-content\/uploads\/2025\/07\/Associacao-Fachada-3-Copia-1200x719.jpeg 1200w, https:\/\/dueceira.pt\/wp-content\/uploads\/2025\/07\/Associacao-Fachada-3-Copia-1536x920.jpeg 1536w, https:\/\/dueceira.pt\/wp-content\/uploads\/2025\/07\/Associacao-Fachada-3-Copia.jpeg 1917w\" sizes=\"(max-width: 725px) 100vw, 725px\" \/><\/a><\/p>\n","protected":false},"excerpt":{"rendered":"","protected":false},"author":3,"featured_media":0,"parent":0,"menu_order":0,"comment_status":"open","ping_status":"open","template":"","meta":{"footnotes":""},"class_list":["post-94","page","type-page","status-publish","hentry"],"jetpack_sharing_enabled":true,"_links":{"self":[{"href":"https:\/\/dueceira.pt\/index.php?rest_route=\/wp\/v2\/pages\/94","targetHints":{"allow":["GET"]}}],"collection":[{"href":"https:\/\/dueceira.pt\/index.php?rest_route=\/wp\/v2\/pages"}],"about":[{"href":"https:\/\/dueceira.pt\/index.php?rest_route=\/wp\/v2\/types\/page"}],"author":[{"embeddable":true,"href":"https:\/\/dueceira.pt\/index.php?rest_route=\/wp\/v2\/users\/3"}],"replies":[{"embeddable":true,"href":"https:\/\/dueceira.pt\/index.php?rest_route=%2Fwp%2Fv2%2Fcomments&post=94"}],"version-history":[{"count":38,"href":"https:\/\/dueceira.pt\/index.php?rest_route=\/wp\/v2\/pages\/94\/revisions"}],"predecessor-version":[{"id":15062,"href":"https:\/\/dueceira.pt\/index.php?rest_route=\/wp\/v2\/pages\/94\/revisions\/15062"}],"wp:attachment":[{"href":"https:\/\/dueceira.pt\/index.php?rest_route=%2Fwp%2Fv2%2Fmedia&parent=94"}],"curies":[{"name":"wp","href":"https:\/\/api.w.org\/{rel}","templated":true}]}}