{"id":12443,"date":"2016-06-07T14:45:33","date_gmt":"2016-06-07T14:45:33","guid":{"rendered":"http:\/\/dueceira.pt\/new\/?post_type=tribe_events&#038;p=12443"},"modified":"2016-06-07T16:31:36","modified_gmt":"2016-06-07T16:31:36","slug":"semana-do-empreendorismo-em-vila-nova-de-poiares","status":"publish","type":"tribe_events","link":"https:\/\/dueceira.pt\/?tribe_events=semana-do-empreendorismo-em-vila-nova-de-poiares","title":{"rendered":"Semana do Empreendorismo em Vila Nova de Poiares"},"content":{"rendered":"<p style=\"text-align: justify;\">Numa organiza\u00e7\u00e3o do Munic\u00edpio de Vila Nova de Poiares \/GAE- Gabinete de Apoio ao Empreendedor, decorre de 16 a 21 de Maio a Semana do Empreendedorismo de Vila Nova de Poiares.<\/p>\n<p style=\"text-align: justify;\">Neste \u00e2mbito, a Dueceira participa em diversos momentos do evento, nomeadamente:<\/p>\n<ul>\n<li style=\"text-align: justify;\">no II Desafio de Criatividade e Inova\u00e7\u00e3o \u201cNovas Ideias, Novos Neg\u00f3ciosna Silvo-Pastor\u00edcia, na qualidade de J\u00fari (17\/05);<\/li>\n<li style=\"text-align: justify;\">na Sess\u00e3o ON \u2013 Oportunidades de Neg\u00f3cio \u201cConcursos P\u00fablicos e Apoios Financeiros\u201d (18\/05);<\/li>\n<li style=\"text-align: justify;\">na Sess\u00e3o de Esclarecimento DLBC DUECEIRA2020 para apresenta\u00e7\u00e3o da EDL- Estrat\u00e9gia Local de Desenvolvimento e primeira abordagem \u00e0s Ac\u00e7\u00f5es de Apoio a Pequenos Investimentos nas Explora\u00e7\u00f5es Agr\u00edcolas e Transforma\u00e7\u00e3o e Comercializa\u00e7\u00e3o de Produtos Agr\u00edcolas (20\/05);<\/li>\n<li style=\"text-align: justify;\">e na \u201c\u00c0 Conversa com Empreendedores\u201d e Sess\u00e3o de Encerramento (21\/05)<\/li>\n<\/ul>\n<p>&nbsp;<\/p>\n","protected":false},"excerpt":{"rendered":"<p>Numa organiza\u00e7\u00e3o do Munic\u00edpio de Vila Nova de Poiares \/GAE- Gabinete de Apoio ao Empreendedor, decorre de 16 a 21 de Maio a Semana do Empreendedorismo de Vila Nova de Poiares. Neste \u00e2mbito, a Dueceira participa em diversos momentos do evento, nomeadamente: no II Desafio de Criatividade e Inova\u00e7\u00e3o \u201cNovas Ideias, Novos Neg\u00f3ciosna Silvo-Pastor\u00edcia, na  [&#8230;]<\/p>\n","protected":false},"author":3,"featured_media":12444,"template":"","meta":{"_tribe_events_status":"","_tribe_events_status_reason":"","footnotes":""},"tags":[],"tribe_events_cat":[],"class_list":["post-12443","tribe_events","type-tribe_events","status-publish","has-post-thumbnail","hentry"],"jetpack_sharing_enabled":true,"_links":{"self":[{"href":"https:\/\/dueceira.pt\/index.php?rest_route=\/wp\/v2\/tribe_events\/12443","targetHints":{"allow":["GET"]}}],"collection":[{"href":"https:\/\/dueceira.pt\/index.php?rest_route=\/wp\/v2\/tribe_events"}],"about":[{"href":"https:\/\/dueceira.pt\/index.php?rest_route=\/wp\/v2\/types\/tribe_events"}],"author":[{"embeddable":true,"href":"https:\/\/dueceira.pt\/index.php?rest_route=\/wp\/v2\/users\/3"}],"version-history":[{"count":1,"href":"https:\/\/dueceira.pt\/index.php?rest_route=\/wp\/v2\/tribe_events\/12443\/revisions"}],"predecessor-version":[{"id":12448,"href":"https:\/\/dueceira.pt\/index.php?rest_route=\/wp\/v2\/tribe_events\/12443\/revisions\/12448"}],"wp:featuredmedia":[{"embeddable":true,"href":"https:\/\/dueceira.pt\/index.php?rest_route=\/wp\/v2\/media\/12444"}],"wp:attachment":[{"href":"https:\/\/dueceira.pt\/index.php?rest_route=%2Fwp%2Fv2%2Fmedia&parent=12443"}],"wp:term":[{"taxonomy":"post_tag","embeddable":true,"href":"https:\/\/dueceira.pt\/index.php?rest_route=%2Fwp%2Fv2%2Ftags&post=12443"},{"taxonomy":"tribe_events_cat","embeddable":true,"href":"https:\/\/dueceira.pt\/index.php?rest_route=%2Fwp%2Fv2%2Ftribe_events_cat&post=12443"}],"curies":[{"name":"wp","href":"https:\/\/api.w.org\/{rel}","templated":true}]}}